{"id":17528,"date":"2022-07-01T02:19:28","date_gmt":"2022-07-01T00:19:28","guid":{"rendered":"https:\/\/buerstendichtungen.com\/avis-selon-la-loi-sur-les-emballages\/"},"modified":"2025-01-20T13:24:09","modified_gmt":"2025-01-20T12:24:09","slug":"avis-selon-la-loi-sur-les-emballages","status":"publish","type":"page","link":"https:\/\/buerstendichtungen.com\/fr\/avis-selon-la-loi-sur-les-emballages\/","title":{"rendered":"Avis selon la loi sur les emballages"},"content":{"rendered":"<div class=\"fusion-fullwidth fullwidth-box fusion-builder-row-1 nonhundred-percent-fullwidth non-hundred-percent-height-scrolling\" style=\"--awb-border-radius-top-left:0px;--awb-border-radius-top-right:0px;--awb-border-radius-bottom-right:0px;--awb-border-radius-bottom-left:0px;--awb-flex-wrap:wrap;\" ><div class=\"fusion-builder-row fusion-row\"><div class=\"fusion-layout-column fusion_builder_column fusion-builder-column-0 fusion_builder_column_1_1 1_1 fusion-one-full fusion-column-first fusion-column-last\" style=\"--awb-bg-size:cover;--awb-margin-bottom:0px;\"><div class=\"fusion-column-wrapper fusion-flex-column-wrapper-legacy\"><div class=\"fusion-text fusion-text-1\"><div>\n<h1 class=\"custom-page--tab-headline\">Avis selon la loi sur les emballages<\/h1>\n<\/div>\n<\/div><div class=\"fusion-image-element fusion-image-align-center in-legacy-container\" style=\"text-align:center;--awb-caption-title-font-family:var(--h2_typography-font-family);--awb-caption-title-font-weight:var(--h2_typography-font-weight);--awb-caption-title-font-style:var(--h2_typography-font-style);--awb-caption-title-size:var(--h2_typography-font-size);--awb-caption-title-transform:var(--h2_typography-text-transform);--awb-caption-title-line-height:var(--h2_typography-line-height);--awb-caption-title-letter-spacing:var(--h2_typography-letter-spacing);\"><div class=\"imageframe-align-center\"><span class=\" fusion-imageframe imageframe-none imageframe-1 hover-type-none\"><img decoding=\"async\" width=\"600\" height=\"439\" title=\"Verpackung\" src=\"https:\/\/buerstendichtungen.com\/wp-content\/uploads\/2022\/07\/box-3966824_1920-600x439.png\" alt class=\"img-responsive wp-image-17005\" srcset=\"https:\/\/buerstendichtungen.com\/wp-content\/uploads\/2022\/07\/box-3966824_1920-200x146.png 200w, https:\/\/buerstendichtungen.com\/wp-content\/uploads\/2022\/07\/box-3966824_1920-400x293.png 400w, https:\/\/buerstendichtungen.com\/wp-content\/uploads\/2022\/07\/box-3966824_1920-600x439.png 600w, https:\/\/buerstendichtungen.com\/wp-content\/uploads\/2022\/07\/box-3966824_1920-800x585.png 800w, https:\/\/buerstendichtungen.com\/wp-content\/uploads\/2022\/07\/box-3966824_1920-1200x878.png 1200w, https:\/\/buerstendichtungen.com\/wp-content\/uploads\/2022\/07\/box-3966824_1920.png 1477w\" sizes=\"(max-width: 800px) 100vw, 1200px\" \/><\/span><\/div><\/div><div class=\"fusion-text fusion-text-2\"><p>Conform\u00e9ment \u00e0 la loi sur les emballages, nous sommes tenus, en vertu du \u00a7 15, alin\u00e9a 1, phrase 1 de la loi sur les emballages, de reprendre gratuitement les mat\u00e9riaux d&#8217;emballage suivants des consommateurs finaux : <\/p>\n<ul>\n<li>Emballages de transport (les emballages de transport sont des emballages qui facilitent la manipulation et le transport des marchandises de mani\u00e8re \u00e0 \u00e9viter leur contact direct et les dommages dus au transport, et qui ne sont g\u00e9n\u00e9ralement pas destin\u00e9s \u00e0 \u00eatre distribu\u00e9s au consommateur final, tels que les palettes, les grands emballages, etc).<\/li>\n<li>Emballages de vente et suremballages qui, apr\u00e8s utilisation, ne sont g\u00e9n\u00e9ralement pas consid\u00e9r\u00e9s comme des d\u00e9chets par les consommateurs finaux priv\u00e9s,<\/li>\n<li>les emballages de vente et suremballages pour lesquels une participation au syst\u00e8me n&rsquo;est pas possible en raison d&rsquo;une incompatibilit\u00e9 avec le syst\u00e8me conform\u00e9ment \u00e0 l&rsquo;article 7, paragraphe 5, et <\/li>\n<li>les emballages de vente de produits contenant des substances nocives, ou<\/li>\n<li>Emballages r\u00e9utilisables (les emballages r\u00e9utilisables sont des emballages con\u00e7us et destin\u00e9s \u00e0 \u00eatre r\u00e9utilis\u00e9s plusieurs fois pour le m\u00eame usage apr\u00e8s utilisation, et dont la restitution et la r\u00e9utilisation effectives sont rendues possibles par une logistique suffisante et encourag\u00e9es par des syst\u00e8mes d&rsquo;incitation appropri\u00e9s, g\u00e9n\u00e9ralement une consigne).<\/li>\n<\/ul>\n<p>Si des mat\u00e9riaux d&#8217;emballage appropri\u00e9s sont utilis\u00e9s lors de la livraison d&rsquo;un produit, nous les reprenons gratuitement. Notez toutefois que les frais de renvoi du mat\u00e9riel d&#8217;emballage sont \u00e0 votre charge. Le montant maximal des frais de retour des marchandises correspond aux frais de transport factur\u00e9s. En tant que consommateur final, vous pouvez d\u00e9poser le mat\u00e9riel d&#8217;emballage sur le lieu de remise effective ou \u00e0 proximit\u00e9 imm\u00e9diate de celui-ci. Si vous avez des questions \u00e0 ce sujet, n&rsquo;h\u00e9sitez pas \u00e0 nous contacter. Nous nous ferons un plaisir de vous aider.<\/p>\n<\/div><div class=\"fusion-clearfix\"><\/div><\/div><\/div><\/div><\/div>\n","protected":false},"excerpt":{"rendered":"","protected":false},"author":1,"featured_media":0,"parent":0,"menu_order":0,"comment_status":"closed","ping_status":"closed","template":"","meta":{"footnotes":""},"class_list":["post-17528","page","type-page","status-publish","hentry"],"yoast_head":"<!-- This site is optimized with the Yoast SEO Premium plugin v25.5 (Yoast SEO v27.5) - https:\/\/yoast.com\/product\/yoast-seo-premium-wordpress\/ -->\n<title>Avis selon la loi sur les emballages<\/title>\n<meta name=\"description\" content=\"Avis selon la loi sur les emballages\" \/>\n<meta name=\"robots\" content=\"noindex, follow\" \/>\n<meta property=\"og:locale\" content=\"fr_FR\" \/>\n<meta property=\"og:type\" content=\"article\" \/>\n<meta property=\"og:title\" content=\"Avis selon la loi sur les emballages\" \/>\n<meta property=\"og:description\" content=\"Avis selon la loi sur les emballages\" \/>\n<meta property=\"og:url\" content=\"https:\/\/buerstendichtungen.com\/fr\/avis-selon-la-loi-sur-les-emballages\/\" \/>\n<meta property=\"og:site_name\" content=\"B\u00fcrstendichtungen und andere technische B\u00fcrsten f\u00fcr jeden Einsatz\" \/>\n<meta property=\"article:modified_time\" content=\"2025-01-20T12:24:09+00:00\" \/>\n<meta name=\"twitter:label1\" content=\"Dur\u00e9e de lecture estim\u00e9e\" \/>\n\t<meta name=\"twitter:data1\" content=\"5 minutes\" \/>\n<script type=\"application\/ld+json\" class=\"yoast-schema-graph\">{\"@context\":\"https:\\\/\\\/schema.org\",\"@graph\":[{\"@type\":\"WebPage\",\"@id\":\"https:\\\/\\\/buerstendichtungen.com\\\/fr\\\/avis-selon-la-loi-sur-les-emballages\\\/\",\"url\":\"https:\\\/\\\/buerstendichtungen.com\\\/fr\\\/avis-selon-la-loi-sur-les-emballages\\\/\",\"name\":\"Avis selon la loi sur les emballages\",\"isPartOf\":{\"@id\":\"https:\\\/\\\/buerstendichtungen.com\\\/fr\\\/#website\"},\"datePublished\":\"2022-07-01T00:19:28+00:00\",\"dateModified\":\"2025-01-20T12:24:09+00:00\",\"description\":\"Avis selon la loi sur les emballages\",\"breadcrumb\":{\"@id\":\"https:\\\/\\\/buerstendichtungen.com\\\/fr\\\/avis-selon-la-loi-sur-les-emballages\\\/#breadcrumb\"},\"inLanguage\":\"fr-FR\",\"potentialAction\":[{\"@type\":\"ReadAction\",\"target\":[\"https:\\\/\\\/buerstendichtungen.com\\\/fr\\\/avis-selon-la-loi-sur-les-emballages\\\/\"]}]},{\"@type\":\"BreadcrumbList\",\"@id\":\"https:\\\/\\\/buerstendichtungen.com\\\/fr\\\/avis-selon-la-loi-sur-les-emballages\\\/#breadcrumb\",\"itemListElement\":[{\"@type\":\"ListItem\",\"position\":1,\"name\":\"Page d'accueil\",\"item\":\"https:\\\/\\\/buerstendichtungen.com\\\/fr\\\/\"},{\"@type\":\"ListItem\",\"position\":2,\"name\":\"Avis selon la loi sur les emballages\"}]},{\"@type\":\"WebSite\",\"@id\":\"https:\\\/\\\/buerstendichtungen.com\\\/fr\\\/#website\",\"url\":\"https:\\\/\\\/buerstendichtungen.com\\\/fr\\\/\",\"name\":\"B\u00fcrstendichtungen und andere technische B\u00fcrsten f\u00fcr jeden Einsatz\",\"description\":\"B\u00fcrstendichtungen, Leistenb\u00fcrsten, Streifenb\u00fcrsten und Abdichtb\u00fcrsten f\u00fcr jede Verwendung\",\"potentialAction\":[{\"@type\":\"SearchAction\",\"target\":{\"@type\":\"EntryPoint\",\"urlTemplate\":\"https:\\\/\\\/buerstendichtungen.com\\\/fr\\\/?s={search_term_string}\"},\"query-input\":{\"@type\":\"PropertyValueSpecification\",\"valueRequired\":true,\"valueName\":\"search_term_string\"}}],\"inLanguage\":\"fr-FR\"}]}<\/script>\n<!-- \/ Yoast SEO Premium plugin. -->","yoast_head_json":{"title":"Avis selon la loi sur les emballages","description":"Avis selon la loi sur les emballages","robots":{"index":"noindex","follow":"follow"},"og_locale":"fr_FR","og_type":"article","og_title":"Avis selon la loi sur les emballages","og_description":"Avis selon la loi sur les emballages","og_url":"https:\/\/buerstendichtungen.com\/fr\/avis-selon-la-loi-sur-les-emballages\/","og_site_name":"B\u00fcrstendichtungen und andere technische B\u00fcrsten f\u00fcr jeden Einsatz","article_modified_time":"2025-01-20T12:24:09+00:00","twitter_misc":{"Dur\u00e9e de lecture estim\u00e9e":"5 minutes"},"schema":{"@context":"https:\/\/schema.org","@graph":[{"@type":"WebPage","@id":"https:\/\/buerstendichtungen.com\/fr\/avis-selon-la-loi-sur-les-emballages\/","url":"https:\/\/buerstendichtungen.com\/fr\/avis-selon-la-loi-sur-les-emballages\/","name":"Avis selon la loi sur les emballages","isPartOf":{"@id":"https:\/\/buerstendichtungen.com\/fr\/#website"},"datePublished":"2022-07-01T00:19:28+00:00","dateModified":"2025-01-20T12:24:09+00:00","description":"Avis selon la loi sur les emballages","breadcrumb":{"@id":"https:\/\/buerstendichtungen.com\/fr\/avis-selon-la-loi-sur-les-emballages\/#breadcrumb"},"inLanguage":"fr-FR","potentialAction":[{"@type":"ReadAction","target":["https:\/\/buerstendichtungen.com\/fr\/avis-selon-la-loi-sur-les-emballages\/"]}]},{"@type":"BreadcrumbList","@id":"https:\/\/buerstendichtungen.com\/fr\/avis-selon-la-loi-sur-les-emballages\/#breadcrumb","itemListElement":[{"@type":"ListItem","position":1,"name":"Page d'accueil","item":"https:\/\/buerstendichtungen.com\/fr\/"},{"@type":"ListItem","position":2,"name":"Avis selon la loi sur les emballages"}]},{"@type":"WebSite","@id":"https:\/\/buerstendichtungen.com\/fr\/#website","url":"https:\/\/buerstendichtungen.com\/fr\/","name":"B\u00fcrstendichtungen und andere technische B\u00fcrsten f\u00fcr jeden Einsatz","description":"B\u00fcrstendichtungen, Leistenb\u00fcrsten, Streifenb\u00fcrsten und Abdichtb\u00fcrsten f\u00fcr jede Verwendung","potentialAction":[{"@type":"SearchAction","target":{"@type":"EntryPoint","urlTemplate":"https:\/\/buerstendichtungen.com\/fr\/?s={search_term_string}"},"query-input":{"@type":"PropertyValueSpecification","valueRequired":true,"valueName":"search_term_string"}}],"inLanguage":"fr-FR"}]}},"_links":{"self":[{"href":"https:\/\/buerstendichtungen.com\/fr\/wp-json\/wp\/v2\/pages\/17528","targetHints":{"allow":["GET"]}}],"collection":[{"href":"https:\/\/buerstendichtungen.com\/fr\/wp-json\/wp\/v2\/pages"}],"about":[{"href":"https:\/\/buerstendichtungen.com\/fr\/wp-json\/wp\/v2\/types\/page"}],"author":[{"embeddable":true,"href":"https:\/\/buerstendichtungen.com\/fr\/wp-json\/wp\/v2\/users\/1"}],"replies":[{"embeddable":true,"href":"https:\/\/buerstendichtungen.com\/fr\/wp-json\/wp\/v2\/comments?post=17528"}],"version-history":[{"count":9,"href":"https:\/\/buerstendichtungen.com\/fr\/wp-json\/wp\/v2\/pages\/17528\/revisions"}],"predecessor-version":[{"id":17549,"href":"https:\/\/buerstendichtungen.com\/fr\/wp-json\/wp\/v2\/pages\/17528\/revisions\/17549"}],"wp:attachment":[{"href":"https:\/\/buerstendichtungen.com\/fr\/wp-json\/wp\/v2\/media?parent=17528"}],"curies":[{"name":"wp","href":"https:\/\/api.w.org\/{rel}","templated":true}]}}